{"id":73,"date":"2024-03-18T18:39:38","date_gmt":"2024-03-18T17:39:38","guid":{"rendered":"https:\/\/aurelievain.fr\/?page_id=73"},"modified":"2024-08-25T17:05:28","modified_gmt":"2024-08-25T15:05:28","slug":"culture-2","status":"publish","type":"page","link":"https:\/\/aurelievain.fr\/index.php\/culture-2\/","title":{"rendered":"Culture"},"content":{"rendered":"<p>[et_pb_section fb_built=&#8221;1&#8243; _builder_version=&#8221;4.24.2&#8243; _module_preset=&#8221;default&#8221; global_colors_info=&#8221;{}&#8221;][et_pb_row _builder_version=&#8221;4.24.2&#8243; _module_preset=&#8221;default&#8221; global_colors_info=&#8221;{}&#8221;][et_pb_column type=&#8221;4_4&#8243; _builder_version=&#8221;4.24.2&#8243; _module_preset=&#8221;default&#8221; global_colors_info=&#8221;{}&#8221;][dmg_masonry_gallery gallery=&#8221;16282,16283,16281,16284,16252,16253,16254,16255,16257,16256,16258,16259,16288,16287,16286,16285,16275,16273,16276,16272,16274,16266,16268,16264,16267,16270,16271,16278,16279,16280,16269,16265,16263,16262,16261,16260,16293,16294,16296,16297,16814,17056&#8243; gutter=&#8221;4&#8243; modal_background_color=&#8221;#FFFFFF&#8221; modal_title=&#8221;title_caption&#8221; _builder_version=&#8221;4.24.2&#8243; _module_preset=&#8221;default&#8221; hover_enabled=&#8221;0&#8243; global_colors_info=&#8221;{}&#8221; sticky_enabled=&#8221;0&#8243;][\/dmg_masonry_gallery][\/et_pb_column][\/et_pb_row][\/et_pb_section]<\/p>\n","protected":false},"excerpt":{"rendered":"<div class=\"et_pb_module dmg_masonry_gallery dmg_masonry_gallery_0\">\n\t\t\t\t\n\t\t\t\t\n\t\t\t\t\n\t\t\t\t\n\t\t\t\t\n\t\t\t\t\n\t\t\t\t<div class=\"et_pb_module_inner\">\n\t\t\t\t\t\n\t\t\t<div class=\"dmg-gallery-wrapper\">\n\t\t\t\t\n\t\t\t\t<div class=\"dmg-gallery dmg-modal-gallery dmg-modal-gallery-with-title dmg-modal-title__title_caption\">\n\t\t\t\t\t<div class=\"dmg-gallery-sizer\"><\/div>\n\t\t\t\t\t<div class=\"dmg-gutter-sizer\"><\/div>\n\t\t\t\t\t\n\t\t\t\t\t\t\t<a data-width=\"980\" data-height=\"1470\" href=\"https:\/\/aurelievain.fr\/wp-content\/uploads\/2024\/04\/24082022-DSCF6788-scaled.jpg\"  data-categories=\"\" class=\"dmg_masonry_gallery_item \"  data-title=\"L&#039;enfant et les sauvages\" data-caption=\"Photos de communication\">\n\t\t\t\t\t\t\t\t<img class=\"dmg-lazyload\" alt=\"\" data-src=\"https:\/\/aurelievain.fr\/wp-content\/uploads\/2024\/04\/24082022-DSCF6788-980x1470.jpg\" width=\"980\" height=\"1470\" \/>\n\t\t\t\t\t\t\t\t<span class=\"et_overlay\"><\/span>\n\t\t\t\t\t\t\t<\/a>\n\t\t\t\t\t\t\t\n\t\t\t\t\t\t\t<a data-width=\"980\" data-height=\"1470\" href=\"https:\/\/aurelievain.fr\/wp-content\/uploads\/2024\/04\/25082022-DSCF6965-scaled.jpg\"  data-categories=\"\" class=\"dmg_masonry_gallery_item \"  data-title=\"L&#039;enfant et les sauvages\" data-caption=\"Photos de communication\">\n\t\t\t\t\t\t\t\t<img class=\"dmg-lazyload\" alt=\"\" data-src=\"https:\/\/aurelievain.fr\/wp-content\/uploads\/2024\/04\/25082022-DSCF6965-980x1470.jpg\" width=\"980\" height=\"1470\" \/>\n\t\t\t\t\t\t\t\t<span class=\"et_overlay\"><\/span>\n\t\t\t\t\t\t\t<\/a>\n\t\t\t\t\t\t\t\n\t\t\t\t\t\t\t<a data-width=\"980\" data-height=\"1470\" href=\"https:\/\/aurelievain.fr\/wp-content\/uploads\/2024\/04\/24082022-DSCF4779-scaled.jpg\"  data-categories=\"\" class=\"dmg_masonry_gallery_item \"  data-title=\"L&#039;enfant et les sauvages\" data-caption=\"Photos de communication\">\n\t\t\t\t\t\t\t\t<img class=\"dmg-lazyload\" alt=\"\" data-src=\"https:\/\/aurelievain.fr\/wp-content\/uploads\/2024\/04\/24082022-DSCF4779-980x1470.jpg\" width=\"980\" height=\"1470\" \/>\n\t\t\t\t\t\t\t\t<span class=\"et_overlay\"><\/span>\n\t\t\t\t\t\t\t<\/a>\n\t\t\t\t\t\t\t\n\t\t\t\t\t\t\t<a data-width=\"980\" data-height=\"1470\" href=\"https:\/\/aurelievain.fr\/wp-content\/uploads\/2024\/04\/25082022-DSCF6996-scaled.jpg\"  data-categories=\"\" class=\"dmg_masonry_gallery_item \"  data-title=\"L&#039;enfant et les sauvages\" data-caption=\"Photos de communication\">\n\t\t\t\t\t\t\t\t<img class=\"dmg-lazyload\" alt=\"\" data-src=\"https:\/\/aurelievain.fr\/wp-content\/uploads\/2024\/04\/25082022-DSCF6996-980x1470.jpg\" width=\"980\" height=\"1470\" \/>\n\t\t\t\t\t\t\t\t<span class=\"et_overlay\"><\/span>\n\t\t\t\t\t\t\t<\/a>\n\t\t\t\t\t\t\t\n\t\t\t\t\t\t\t<a data-width=\"980\" data-height=\"1470\" href=\"https:\/\/aurelievain.fr\/wp-content\/uploads\/2024\/04\/04052021-DSCF3736urbex-Argonne.jpg\"  data-categories=\"\" class=\"dmg_masonry_gallery_item \"  data-title=\"Anouck Hilbey\" data-caption=\" R\u00e9sidence de travail sur &quot;Le Saint Game&quot;, 2022\">\n\t\t\t\t\t\t\t\t<img class=\"dmg-lazyload\" alt=\"\" data-src=\"https:\/\/aurelievain.fr\/wp-content\/uploads\/2024\/04\/04052021-DSCF3736urbex-Argonne-980x1470.jpg\" width=\"980\" height=\"1470\" \/>\n\t\t\t\t\t\t\t\t<span class=\"et_overlay\"><\/span>\n\t\t\t\t\t\t\t<\/a>\n\t\t\t\t\t\t\t\n\t\t\t\t\t\t\t<a data-width=\"980\" data-height=\"1470\" href=\"https:\/\/aurelievain.fr\/wp-content\/uploads\/2024\/04\/04052021-DSCF4224urbex-Argonne.jpg\"  data-categories=\"\" class=\"dmg_masonry_gallery_item \"  data-title=\"Anouck Hilbey\" data-caption=\" R\u00e9sidence de travail sur &quot;Le Saint Game&quot;, 2022\">\n\t\t\t\t\t\t\t\t<img class=\"dmg-lazyload\" alt=\"\" data-src=\"https:\/\/aurelievain.fr\/wp-content\/uploads\/2024\/04\/04052021-DSCF4224urbex-Argonne-980x1470.jpg\" width=\"980\" height=\"1470\" \/>\n\t\t\t\t\t\t\t\t<span class=\"et_overlay\"><\/span>\n\t\t\t\t\t\t\t<\/a>\n\t\t\t\t\t\t\t\n\t\t\t\t\t\t\t<a data-width=\"980\" data-height=\"1470\" href=\"https:\/\/aurelievain.fr\/wp-content\/uploads\/2024\/04\/04052021-DSCF4360urbex-Argonne.jpg\"  data-categories=\"\" class=\"dmg_masonry_gallery_item \"  data-title=\"Anouck Hilbey\" data-caption=\" R\u00e9sidence de travail sur &quot;Le Saint Game&quot;, 2022\">\n\t\t\t\t\t\t\t\t<img class=\"dmg-lazyload\" alt=\"\" data-src=\"https:\/\/aurelievain.fr\/wp-content\/uploads\/2024\/04\/04052021-DSCF4360urbex-Argonne-980x1470.jpg\" width=\"980\" height=\"1470\" \/>\n\t\t\t\t\t\t\t\t<span class=\"et_overlay\"><\/span>\n\t\t\t\t\t\t\t<\/a>\n\t\t\t\t\t\t\t\n\t\t\t\t\t\t\t<a data-width=\"980\" data-height=\"1470\" href=\"https:\/\/aurelievain.fr\/wp-content\/uploads\/2024\/04\/04052021-DSCF4364urbex-Argonne.jpg\"  data-categories=\"\" class=\"dmg_masonry_gallery_item \"  data-title=\"Anouck Hilbey\" data-caption=\" R\u00e9sidence de travail sur &quot;Le Saint Game&quot;, 2022\">\n\t\t\t\t\t\t\t\t<img class=\"dmg-lazyload\" alt=\"\" data-src=\"https:\/\/aurelievain.fr\/wp-content\/uploads\/2024\/04\/04052021-DSCF4364urbex-Argonne-980x1470.jpg\" width=\"980\" height=\"1470\" \/>\n\t\t\t\t\t\t\t\t<span class=\"et_overlay\"><\/span>\n\t\t\t\t\t\t\t<\/a>\n\t\t\t\t\t\t\t\n\t\t\t\t\t\t\t<a data-width=\"980\" data-height=\"1470\" href=\"https:\/\/aurelievain.fr\/wp-content\/uploads\/2024\/04\/04052021-L1001139urbex-Argonne.jpg\"  data-categories=\"\" class=\"dmg_masonry_gallery_item \"  data-title=\"Anouck Hilbey\" data-caption=\" R\u00e9sidence de travail sur &quot;Le Saint Game&quot;, 2022\">\n\t\t\t\t\t\t\t\t<img class=\"dmg-lazyload\" alt=\"\" data-src=\"https:\/\/aurelievain.fr\/wp-content\/uploads\/2024\/04\/04052021-L1001139urbex-Argonne-980x1470.jpg\" width=\"980\" height=\"1470\" \/>\n\t\t\t\t\t\t\t\t<span class=\"et_overlay\"><\/span>\n\t\t\t\t\t\t\t<\/a>\n\t\t\t\t\t\t\t\n\t\t\t\t\t\t\t<a data-width=\"980\" data-height=\"653\" href=\"https:\/\/aurelievain.fr\/wp-content\/uploads\/2024\/04\/04052021-DSCF4620urbex-Argonne.jpg\"  data-categories=\"\" class=\"dmg_masonry_gallery_item \"  data-title=\"Anouck Hilbey\" data-caption=\" R\u00e9sidence de travail sur &quot;Le Saint Game&quot;, 2022\">\n\t\t\t\t\t\t\t\t<img class=\"dmg-lazyload\" alt=\"\" data-src=\"https:\/\/aurelievain.fr\/wp-content\/uploads\/2024\/04\/04052021-DSCF4620urbex-Argonne-980x653.jpg\" width=\"980\" height=\"653\" \/>\n\t\t\t\t\t\t\t\t<span class=\"et_overlay\"><\/span>\n\t\t\t\t\t\t\t<\/a>\n\t\t\t\t\t\t\t\n\t\t\t\t\t\t\t<a data-width=\"980\" data-height=\"653\" href=\"https:\/\/aurelievain.fr\/wp-content\/uploads\/2024\/04\/06122022-DSCF9581-2-scaled.jpg\"  data-categories=\"\" class=\"dmg_masonry_gallery_item \"  data-title=\"Anouck Hilbey\" data-caption=\"Spectacle &quot;Les femmes \u00e7a fait pd ?&quot; Sc\u00e8ne nationale d&#039;Orl\u00e9ans 2023\">\n\t\t\t\t\t\t\t\t<img class=\"dmg-lazyload\" alt=\"\" data-src=\"https:\/\/aurelievain.fr\/wp-content\/uploads\/2024\/04\/06122022-DSCF9581-2-scaled.jpg\" width=\"980\" height=\"653\" \/>\n\t\t\t\t\t\t\t\t<span class=\"et_overlay\"><\/span>\n\t\t\t\t\t\t\t<\/a>\n\t\t\t\t\t\t\t\n\t\t\t\t\t\t\t<a data-width=\"980\" data-height=\"653\" href=\"https:\/\/aurelievain.fr\/wp-content\/uploads\/2024\/04\/06122022-DSCF9593-scaled.jpg\"  data-categories=\"\" class=\"dmg_masonry_gallery_item \"  data-title=\"Anouck Hilbey\" data-caption=\"Spectacle &quot;Les femmes \u00e7a fait pd ?&quot; Sc\u00e8ne nationale d&#039;Orl\u00e9ans 2023\">\n\t\t\t\t\t\t\t\t<img class=\"dmg-lazyload\" alt=\"\" data-src=\"https:\/\/aurelievain.fr\/wp-content\/uploads\/2024\/04\/06122022-DSCF9593-980x653.jpg\" width=\"980\" height=\"653\" \/>\n\t\t\t\t\t\t\t\t<span class=\"et_overlay\"><\/span>\n\t\t\t\t\t\t\t<\/a>\n\t\t\t\t\t\t\t\n\t\t\t\t\t\t\t<a data-width=\"980\" data-height=\"653\" href=\"https:\/\/aurelievain.fr\/wp-content\/uploads\/2024\/04\/Enfant-Sauvage-R-scaled.jpg\"  data-categories=\"\" class=\"dmg_masonry_gallery_item \"  data-title=\"L&#039;Enfant Sauvage\" data-caption=\"Outils de communication\">\n\t\t\t\t\t\t\t\t<img class=\"dmg-lazyload\" alt=\"\" data-src=\"https:\/\/aurelievain.fr\/wp-content\/uploads\/2024\/04\/Enfant-Sauvage-R-980x653.jpg\" width=\"980\" height=\"653\" \/>\n\t\t\t\t\t\t\t\t<span class=\"et_overlay\"><\/span>\n\t\t\t\t\t\t\t<\/a>\n\t\t\t\t\t\t\t\n\t\t\t\t\t\t\t<a data-width=\"980\" data-height=\"653\" href=\"https:\/\/aurelievain.fr\/wp-content\/uploads\/2024\/04\/communication-7311-scaled.jpg\"  data-categories=\"\" class=\"dmg_masonry_gallery_item \"  data-title=\"L&#039;enfant sauvage\" data-caption=\"Outils de communication\">\n\t\t\t\t\t\t\t\t<img class=\"dmg-lazyload\" alt=\"\" data-src=\"https:\/\/aurelievain.fr\/wp-content\/uploads\/2024\/04\/communication-7311-980x653.jpg\" width=\"980\" height=\"653\" \/>\n\t\t\t\t\t\t\t\t<span class=\"et_overlay\"><\/span>\n\t\t\t\t\t\t\t<\/a>\n\t\t\t\t\t\t\t\n\t\t\t\t\t\t\t<a data-width=\"980\" data-height=\"1467\" href=\"https:\/\/aurelievain.fr\/wp-content\/uploads\/2024\/04\/Enfant-Sauvage-X-scaled.jpg\"  data-categories=\"\" class=\"dmg_masonry_gallery_item \"  data-title=\"L&#039;enfant sauvage\" data-caption=\"Outils de communication\">\n\t\t\t\t\t\t\t\t<img class=\"dmg-lazyload\" alt=\"\" data-src=\"https:\/\/aurelievain.fr\/wp-content\/uploads\/2024\/04\/Enfant-Sauvage-X-scaled.jpg\" width=\"980\" height=\"1467\" \/>\n\t\t\t\t\t\t\t\t<span class=\"et_overlay\"><\/span>\n\t\t\t\t\t\t\t<\/a>\n\t\t\t\t\t\t\t\n\t\t\t\t\t\t\t<a data-width=\"980\" data-height=\"1385\" href=\"https:\/\/aurelievain.fr\/wp-content\/uploads\/2024\/04\/theoooo.jpeg\"  data-categories=\"\" class=\"dmg_masonry_gallery_item \"  data-title=\"Affiche album\" data-caption=\"Outils de communication L&#039;Enfant sauvage.\nGraphisme Luc\">\n\t\t\t\t\t\t\t\t<img class=\"dmg-lazyload\" alt=\"\" data-src=\"https:\/\/aurelievain.fr\/wp-content\/uploads\/2024\/04\/theoooo-980x1385.jpeg\" width=\"980\" height=\"1385\" \/>\n\t\t\t\t\t\t\t\t<span class=\"et_overlay\"><\/span>\n\t\t\t\t\t\t\t<\/a>\n\t\t\t\t\t\t\t\n\t\t\t\t\t\t\t<a data-width=\"980\" data-height=\"653\" href=\"https:\/\/aurelievain.fr\/wp-content\/uploads\/2024\/04\/Vain_Aurelie_2.jpg\"  data-categories=\"\" class=\"dmg_masonry_gallery_item \"  data-title=\"Omma\" data-caption=\"Par Joseph Nadj. \n2020\">\n\t\t\t\t\t\t\t\t<img class=\"dmg-lazyload\" alt=\"\" data-src=\"https:\/\/aurelievain.fr\/wp-content\/uploads\/2024\/04\/Vain_Aurelie_2-980x653.jpg\" width=\"980\" height=\"653\" \/>\n\t\t\t\t\t\t\t\t<span class=\"et_overlay\"><\/span>\n\t\t\t\t\t\t\t<\/a>\n\t\t\t\t\t\t\t\n\t\t\t\t\t\t\t<a data-width=\"980\" data-height=\"980\" href=\"https:\/\/aurelievain.fr\/wp-content\/uploads\/2024\/04\/Omma-1007906-3.jpg\"  data-categories=\"\" class=\"dmg_masonry_gallery_item \"  data-title=\"Omma\" data-caption=\"Par Joseph Nadj. \n2020\">\n\t\t\t\t\t\t\t\t<img class=\"dmg-lazyload\" alt=\"\" data-src=\"https:\/\/aurelievain.fr\/wp-content\/uploads\/2024\/04\/Omma-1007906-3-980x980.jpg\" width=\"980\" height=\"980\" \/>\n\t\t\t\t\t\t\t\t<span class=\"et_overlay\"><\/span>\n\t\t\t\t\t\t\t<\/a>\n\t\t\t\t\t\t\t\n\t\t\t\t\t\t\t<a data-width=\"980\" data-height=\"653\" href=\"https:\/\/aurelievain.fr\/wp-content\/uploads\/2024\/04\/Vain_Aurelie_3.jpg\"  data-categories=\"\" class=\"dmg_masonry_gallery_item \"  data-title=\"Omma\" data-caption=\"Par Joseph Nadj. \n2020\">\n\t\t\t\t\t\t\t\t<img class=\"dmg-lazyload\" alt=\"\" data-src=\"https:\/\/aurelievain.fr\/wp-content\/uploads\/2024\/04\/Vain_Aurelie_3-980x653.jpg\" width=\"980\" height=\"653\" \/>\n\t\t\t\t\t\t\t\t<span class=\"et_overlay\"><\/span>\n\t\t\t\t\t\t\t<\/a>\n\t\t\t\t\t\t\t\n\t\t\t\t\t\t\t<a data-width=\"980\" data-height=\"653\" href=\"https:\/\/aurelievain.fr\/wp-content\/uploads\/2024\/04\/Omma-1007877.jpg\"  data-categories=\"\" class=\"dmg_masonry_gallery_item \"  data-title=\"Omma\" data-caption=\"Par Joseph Nadj. \n2020\">\n\t\t\t\t\t\t\t\t<img class=\"dmg-lazyload\" alt=\"\" data-src=\"https:\/\/aurelievain.fr\/wp-content\/uploads\/2024\/04\/Omma-1007877-980x653.jpg\" width=\"980\" height=\"653\" \/>\n\t\t\t\t\t\t\t\t<span class=\"et_overlay\"><\/span>\n\t\t\t\t\t\t\t<\/a>\n\t\t\t\t\t\t\t\n\t\t\t\t\t\t\t<a data-width=\"980\" data-height=\"653\" href=\"https:\/\/aurelievain.fr\/wp-content\/uploads\/2024\/04\/Omma-1007940-3.jpg\"  data-categories=\"\" class=\"dmg_masonry_gallery_item \"  data-title=\"Omma\" data-caption=\"Par Joseph Nadj. \n2020\">\n\t\t\t\t\t\t\t\t<img class=\"dmg-lazyload\" alt=\"\" data-src=\"https:\/\/aurelievain.fr\/wp-content\/uploads\/2024\/04\/Omma-1007940-3-980x653.jpg\" width=\"980\" height=\"653\" \/>\n\t\t\t\t\t\t\t\t<span class=\"et_overlay\"><\/span>\n\t\t\t\t\t\t\t<\/a>\n\t\t\t\t\t\t\t\n\t\t\t\t\t\t\t<a data-width=\"980\" data-height=\"653\" href=\"https:\/\/aurelievain.fr\/wp-content\/uploads\/2024\/04\/24062022-DSCF3877.jpg\"  data-categories=\"\" class=\"dmg_masonry_gallery_item \"  data-title=\"Karpatt\" data-caption=\"Orl\u00e9ans, \u00e9t\u00e9 2023\">\n\t\t\t\t\t\t\t\t<img class=\"dmg-lazyload\" alt=\"\" data-src=\"https:\/\/aurelievain.fr\/wp-content\/uploads\/2024\/04\/24062022-DSCF3877-980x653.jpg\" width=\"980\" height=\"653\" \/>\n\t\t\t\t\t\t\t\t<span class=\"et_overlay\"><\/span>\n\t\t\t\t\t\t\t<\/a>\n\t\t\t\t\t\t\t\n\t\t\t\t\t\t\t<a data-width=\"980\" data-height=\"653\" href=\"https:\/\/aurelievain.fr\/wp-content\/uploads\/2024\/04\/sans-titre-134-sur-185-scaled.jpg\"  data-categories=\"\" class=\"dmg_masonry_gallery_item \"  data-title=\"Julien Granel\" data-caption=\"Grand Piano Festival\nOrl\u00e9ans, juin 2023\">\n\t\t\t\t\t\t\t\t<img class=\"dmg-lazyload\" alt=\"\" data-src=\"https:\/\/aurelievain.fr\/wp-content\/uploads\/2024\/04\/sans-titre-134-sur-185-scaled.jpg\" width=\"980\" height=\"653\" \/>\n\t\t\t\t\t\t\t\t<span class=\"et_overlay\"><\/span>\n\t\t\t\t\t\t\t<\/a>\n\t\t\t\t\t\t\t\n\t\t\t\t\t\t\t<a data-width=\"980\" data-height=\"653\" href=\"https:\/\/aurelievain.fr\/wp-content\/uploads\/2024\/04\/16022021-a-poster-1873.jpg\"  data-categories=\"\" class=\"dmg_masonry_gallery_item \"  data-title=\"Le concert\" data-caption=\"Cie Les furieux. \nF\u00e9vrier 2021\">\n\t\t\t\t\t\t\t\t<img class=\"dmg-lazyload\" alt=\"\" data-src=\"https:\/\/aurelievain.fr\/wp-content\/uploads\/2024\/04\/16022021-a-poster-1873-980x653.jpg\" width=\"980\" height=\"653\" \/>\n\t\t\t\t\t\t\t\t<span class=\"et_overlay\"><\/span>\n\t\t\t\t\t\t\t<\/a>\n\t\t\t\t\t\t\t\n\t\t\t\t\t\t\t<a data-width=\"980\" data-height=\"653\" href=\"https:\/\/aurelievain.fr\/wp-content\/uploads\/2024\/04\/a-poster-1886.jpg\"  data-categories=\"\" class=\"dmg_masonry_gallery_item \"  data-title=\"Le concert 2\" data-caption=\"Cie Les furieux. \nF\u00e9vrier 2021\">\n\t\t\t\t\t\t\t\t<img class=\"dmg-lazyload\" alt=\"\" data-src=\"https:\/\/aurelievain.fr\/wp-content\/uploads\/2024\/04\/a-poster-1886-980x653.jpg\" width=\"980\" height=\"653\" \/>\n\t\t\t\t\t\t\t\t<span class=\"et_overlay\"><\/span>\n\t\t\t\t\t\t\t<\/a>\n\t\t\t\t\t\t\t\n\t\t\t\t\t\t\t<a data-width=\"980\" data-height=\"1470\" href=\"https:\/\/aurelievain.fr\/wp-content\/uploads\/2024\/04\/Sofiane-Chamal-32-sur-179.jpg\"  data-categories=\"\" class=\"dmg_masonry_gallery_item \"  data-title=\"La virtuosit\u00e9 du corps\" data-caption=\"Sofiane Chamal \nNovembre 2023\nSc\u00e8ne Nationale d&#039;Orl\u00e9ans\">\n\t\t\t\t\t\t\t\t<img class=\"dmg-lazyload\" alt=\"\" data-src=\"https:\/\/aurelievain.fr\/wp-content\/uploads\/2024\/04\/Sofiane-Chamal-32-sur-179-980x1470.jpg\" width=\"980\" height=\"1470\" \/>\n\t\t\t\t\t\t\t\t<span class=\"et_overlay\"><\/span>\n\t\t\t\t\t\t\t<\/a>\n\t\t\t\t\t\t\t\n\t\t\t\t\t\t\t<a data-width=\"980\" data-height=\"1470\" href=\"https:\/\/aurelievain.fr\/wp-content\/uploads\/2024\/04\/Sofiane-Chamal-127-sur-179.jpg\"  data-categories=\"\" class=\"dmg_masonry_gallery_item \"  data-title=\"Sofiane Chamal\" data-caption=\"\">\n\t\t\t\t\t\t\t\t<img class=\"dmg-lazyload\" alt=\"\" data-src=\"https:\/\/aurelievain.fr\/wp-content\/uploads\/2024\/04\/Sofiane-Chamal-127-sur-179-980x1470.jpg\" width=\"980\" height=\"1470\" \/>\n\t\t\t\t\t\t\t\t<span class=\"et_overlay\"><\/span>\n\t\t\t\t\t\t\t<\/a>\n\t\t\t\t\t\t\t\n\t\t\t\t\t\t\t<a data-width=\"980\" data-height=\"653\" href=\"https:\/\/aurelievain.fr\/wp-content\/uploads\/2024\/04\/12062022-DSCF3752.jpg\"  data-categories=\"\" class=\"dmg_masonry_gallery_item \"  data-title=\"Roraima\" data-caption=\"concert au Drop kick, Orl\u00e9ans\">\n\t\t\t\t\t\t\t\t<img class=\"dmg-lazyload\" alt=\"\" data-src=\"https:\/\/aurelievain.fr\/wp-content\/uploads\/2024\/04\/12062022-DSCF3752-980x653.jpg\" width=\"980\" height=\"653\" \/>\n\t\t\t\t\t\t\t\t<span class=\"et_overlay\"><\/span>\n\t\t\t\t\t\t\t<\/a>\n\t\t\t\t\t\t\t\n\t\t\t\t\t\t\t<a data-width=\"980\" data-height=\"653\" href=\"https:\/\/aurelievain.fr\/wp-content\/uploads\/2024\/04\/03042022-DSCF6108.jpg\"  data-categories=\"\" class=\"dmg_masonry_gallery_item \"  data-title=\"Roraima\" data-caption=\"concert au Drop kick, Orl\u00e9ans\">\n\t\t\t\t\t\t\t\t<img class=\"dmg-lazyload\" alt=\"\" data-src=\"https:\/\/aurelievain.fr\/wp-content\/uploads\/2024\/04\/03042022-DSCF6108-980x653.jpg\" width=\"980\" height=\"653\" \/>\n\t\t\t\t\t\t\t\t<span class=\"et_overlay\"><\/span>\n\t\t\t\t\t\t\t<\/a>\n\t\t\t\t\t\t\t\n\t\t\t\t\t\t\t<a data-width=\"980\" data-height=\"1470\" href=\"https:\/\/aurelievain.fr\/wp-content\/uploads\/2024\/04\/03042022-DSCF6120.jpg\"  data-categories=\"\" class=\"dmg_masonry_gallery_item \"  data-title=\"Roraima\" data-caption=\"concert au Drop kick, Orl\u00e9ans\">\n\t\t\t\t\t\t\t\t<img class=\"dmg-lazyload\" alt=\"\" data-src=\"https:\/\/aurelievain.fr\/wp-content\/uploads\/2024\/04\/03042022-DSCF6120-980x1470.jpg\" width=\"980\" height=\"1470\" \/>\n\t\t\t\t\t\t\t\t<span class=\"et_overlay\"><\/span>\n\t\t\t\t\t\t\t<\/a>\n\t\t\t\t\t\t\t\n\t\t\t\t\t\t\t<a data-width=\"980\" data-height=\"653\" href=\"https:\/\/aurelievain.fr\/wp-content\/uploads\/2024\/04\/sans-titre-135-sur-332.jpg\"  data-categories=\"\" class=\"dmg_masonry_gallery_item \"  data-title=\"Mentissa\" data-caption=\"Grand Piano Festival\nOrl\u00e9ans, juin 2023\">\n\t\t\t\t\t\t\t\t<img class=\"dmg-lazyload\" alt=\"\" data-src=\"https:\/\/aurelievain.fr\/wp-content\/uploads\/2024\/04\/sans-titre-135-sur-332-980x653.jpg\" width=\"980\" height=\"653\" \/>\n\t\t\t\t\t\t\t\t<span class=\"et_overlay\"><\/span>\n\t\t\t\t\t\t\t<\/a>\n\t\t\t\t\t\t\t\n\t\t\t\t\t\t\t<a data-width=\"980\" data-height=\"653\" href=\"https:\/\/aurelievain.fr\/wp-content\/uploads\/2024\/04\/16032021-DSCF2084.jpg\"  data-categories=\"\" class=\"dmg_masonry_gallery_item \"  data-title=\"Du vivant\" data-caption=\"\">\n\t\t\t\t\t\t\t\t<img class=\"dmg-lazyload\" alt=\"\" data-src=\"https:\/\/aurelievain.fr\/wp-content\/uploads\/2024\/04\/16032021-DSCF2084-980x653.jpg\" width=\"980\" height=\"653\" \/>\n\t\t\t\t\t\t\t\t<span class=\"et_overlay\"><\/span>\n\t\t\t\t\t\t\t<\/a>\n\t\t\t\t\t\t\t\n\t\t\t\t\t\t\t<a data-width=\"980\" data-height=\"653\" href=\"https:\/\/aurelievain.fr\/wp-content\/uploads\/2024\/04\/10032022-DSCF6641.jpg\"  data-categories=\"\" class=\"dmg_masonry_gallery_item \"  data-title=\"Marion Blondeau\" data-caption=\"Dans &quot;lilith&quot;\nSoir\u00e9e performances de la Sc\u00e8ne Nationale d&#039;Orl\u00e9ans, mars 2022\">\n\t\t\t\t\t\t\t\t<img class=\"dmg-lazyload\" alt=\"\" data-src=\"https:\/\/aurelievain.fr\/wp-content\/uploads\/2024\/04\/10032022-DSCF6641-980x653.jpg\" width=\"980\" height=\"653\" \/>\n\t\t\t\t\t\t\t\t<span class=\"et_overlay\"><\/span>\n\t\t\t\t\t\t\t<\/a>\n\t\t\t\t\t\t\t\n\t\t\t\t\t\t\t<a data-width=\"980\" data-height=\"653\" href=\"https:\/\/aurelievain.fr\/wp-content\/uploads\/2024\/04\/10032022-DSCF6620.jpg\"  data-categories=\"\" class=\"dmg_masonry_gallery_item \"  data-title=\"Marion Blondeau\" data-caption=\"Dans &quot;lilith&quot;\nSoir\u00e9e performances de la Sc\u00e8ne Nationale d&#039;Orl\u00e9ans, mars 2022\">\n\t\t\t\t\t\t\t\t<img class=\"dmg-lazyload\" alt=\"\" data-src=\"https:\/\/aurelievain.fr\/wp-content\/uploads\/2024\/04\/10032022-DSCF6620-980x653.jpg\" width=\"980\" height=\"653\" \/>\n\t\t\t\t\t\t\t\t<span class=\"et_overlay\"><\/span>\n\t\t\t\t\t\t\t<\/a>\n\t\t\t\t\t\t\t\n\t\t\t\t\t\t\t<a data-width=\"980\" data-height=\"1470\" href=\"https:\/\/aurelievain.fr\/wp-content\/uploads\/2024\/04\/10032022-DSCF6571.jpg\"  data-categories=\"\" class=\"dmg_masonry_gallery_item \"  data-title=\"Marion Blondeau\" data-caption=\"Dans &quot;lilith&quot;\nSoir\u00e9e performances de la Sc\u00e8ne Nationale d&#039;Orl\u00e9ans, mars 2022\">\n\t\t\t\t\t\t\t\t<img class=\"dmg-lazyload\" alt=\"\" data-src=\"https:\/\/aurelievain.fr\/wp-content\/uploads\/2024\/04\/10032022-DSCF6571-980x1470.jpg\" width=\"980\" height=\"1470\" \/>\n\t\t\t\t\t\t\t\t<span class=\"et_overlay\"><\/span>\n\t\t\t\t\t\t\t<\/a>\n\t\t\t\t\t\t\t\n\t\t\t\t\t\t\t<a data-width=\"980\" data-height=\"653\" href=\"https:\/\/aurelievain.fr\/wp-content\/uploads\/2024\/04\/09032022-DSCF6404.jpg\"  data-categories=\"\" class=\"dmg_masonry_gallery_item \"  data-title=\"Anne Sophie Lancelin\" data-caption=\"&quot;Persona&quot; dans le cadre des Soir\u00e9es Performances, Sc\u00e8ne nationale d&#039;Orl\u00e9ans\">\n\t\t\t\t\t\t\t\t<img class=\"dmg-lazyload\" alt=\"\" data-src=\"https:\/\/aurelievain.fr\/wp-content\/uploads\/2024\/04\/09032022-DSCF6404-980x653.jpg\" width=\"980\" height=\"653\" \/>\n\t\t\t\t\t\t\t\t<span class=\"et_overlay\"><\/span>\n\t\t\t\t\t\t\t<\/a>\n\t\t\t\t\t\t\t\n\t\t\t\t\t\t\t<a data-width=\"1\" data-height=\"1\" href=\"https:\/\/aurelievain.fr\/wp-content\/uploads\/2024\/04\/sans-titre-153-sur-155.jpg\"  data-categories=\"\" class=\"dmg_masonry_gallery_item \"  data-title=\"Bulle\" data-caption=\"Outils de communication\">\n\t\t\t\t\t\t\t\t<img class=\"dmg-lazyload\" alt=\"\" data-src=\"https:\/\/aurelievain.fr\/wp-content\/uploads\/2024\/04\/sans-titre-153-sur-155.jpg\" width=\"1\" height=\"1\" \/>\n\t\t\t\t\t\t\t\t<span class=\"et_overlay\"><\/span>\n\t\t\t\t\t\t\t<\/a>\n\t\t\t\t\t\t\t\n\t\t\t\t\t\t\t<a data-width=\"1\" data-height=\"1\" href=\"https:\/\/aurelievain.fr\/wp-content\/uploads\/2024\/04\/sans-titre-107-sur-155.jpg\"  data-categories=\"\" class=\"dmg_masonry_gallery_item \"  data-title=\"Bulle\" data-caption=\"Bulle, Outil de communication\">\n\t\t\t\t\t\t\t\t<img class=\"dmg-lazyload\" alt=\"\" data-src=\"https:\/\/aurelievain.fr\/wp-content\/uploads\/2024\/04\/sans-titre-107-sur-155.jpg\" width=\"1\" height=\"1\" \/>\n\t\t\t\t\t\t\t\t<span class=\"et_overlay\"><\/span>\n\t\t\t\t\t\t\t<\/a>\n\t\t\t\t\t\t\t\n\t\t\t\t\t\t\t<a data-width=\"980\" data-height=\"653\" href=\"https:\/\/aurelievain.fr\/wp-content\/uploads\/2024\/04\/sans-titre-123-sur-204.jpg\"  data-categories=\"\" class=\"dmg_masonry_gallery_item \"  data-title=\"Bulle\" data-caption=\"Festival de Travers 2023\">\n\t\t\t\t\t\t\t\t<img class=\"dmg-lazyload\" alt=\"\" data-src=\"https:\/\/aurelievain.fr\/wp-content\/uploads\/2024\/04\/sans-titre-123-sur-204-980x653.jpg\" width=\"980\" height=\"653\" \/>\n\t\t\t\t\t\t\t\t<span class=\"et_overlay\"><\/span>\n\t\t\t\t\t\t\t<\/a>\n\t\t\t\t\t\t\t\n\t\t\t\t\t\t\t<a data-width=\"980\" data-height=\"1470\" href=\"https:\/\/aurelievain.fr\/wp-content\/uploads\/2024\/04\/sans-titre-142-sur-204.jpg\"  data-categories=\"\" class=\"dmg_masonry_gallery_item \"  data-title=\"Bulle\" data-caption=\"Festival de Travers 2023\">\n\t\t\t\t\t\t\t\t<img class=\"dmg-lazyload\" alt=\"\" data-src=\"https:\/\/aurelievain.fr\/wp-content\/uploads\/2024\/04\/sans-titre-142-sur-204-980x1470.jpg\" width=\"980\" height=\"1470\" \/>\n\t\t\t\t\t\t\t\t<span class=\"et_overlay\"><\/span>\n\t\t\t\t\t\t\t<\/a>\n\t\t\t\t\t\t\t\n\t\t\t\t\t\t\t<a data-width=\"980\" data-height=\"648\" href=\"https:\/\/aurelievain.fr\/wp-content\/uploads\/2024\/04\/Capture-decran-2024-04-13-a-16.40.43.png\"  data-categories=\"\" class=\"dmg_masonry_gallery_item \"  data-title=\"Spectacle Le D\u00e9mocrate\" data-caption=\"\">\n\t\t\t\t\t\t\t\t<img class=\"dmg-lazyload\" alt=\"\" data-src=\"https:\/\/aurelievain.fr\/wp-content\/uploads\/2024\/04\/Capture-decran-2024-04-13-a-16.40.43-980x648.png\" width=\"980\" height=\"648\" \/>\n\t\t\t\t\t\t\t\t<span class=\"et_overlay\"><\/span>\n\t\t\t\t\t\t\t<\/a>\n\t\t\t\t\t\t\t\n\t\t\t\t\t\t\t<a data-width=\"1\" data-height=\"1\" href=\"https:\/\/aurelievain.fr\/wp-content\/uploads\/2024\/08\/Tour-de-France-Orleans.jpg\"  data-categories=\"\" class=\"dmg_masonry_gallery_item \"  data-title=\"Lambert,\" data-caption=\"Grand Piano Festival\">\n\t\t\t\t\t\t\t\t<img class=\"dmg-lazyload\" alt=\"\" data-src=\"https:\/\/aurelievain.fr\/wp-content\/uploads\/2024\/08\/Tour-de-France-Orleans.jpg\" width=\"1\" height=\"1\" \/>\n\t\t\t\t\t\t\t\t<span class=\"et_overlay\"><\/span>\n\t\t\t\t\t\t\t<\/a>\n\t\t\t\t\t\t\t\n\t  \t\t\t<\/div>\n\t  \t\t\t\n  \t\t\t<\/div>\n  \t\t\t\n\t\t\t\t<\/div>\n\t\t\t<\/div>\n","protected":false},"author":1,"featured_media":0,"parent":0,"menu_order":0,"comment_status":"closed","ping_status":"closed","template":"","meta":{"_et_pb_use_builder":"on","_et_pb_old_content":"","_et_gb_content_width":"","_monsterinsights_skip_tracking":false,"_monsterinsights_sitenote_active":false,"_monsterinsights_sitenote_note":"","_monsterinsights_sitenote_category":0,"footnotes":""},"class_list":["post-73","page","type-page","status-publish","hentry"],"yoast_head":"<!-- This site is optimized with the Yoast SEO plugin v24.9 - https:\/\/yoast.com\/wordpress\/plugins\/seo\/ -->\n<title>Culture - Aurelie Vain Photographe<\/title>\n<meta name=\"robots\" content=\"index, follow, max-snippet:-1, max-image-preview:large, max-video-preview:-1\" \/>\n<link rel=\"canonical\" href=\"https:\/\/aurelievain.fr\/index.php\/culture-2\/\" \/>\n<meta property=\"og:locale\" content=\"en_US\" \/>\n<meta property=\"og:type\" content=\"article\" \/>\n<meta property=\"og:title\" content=\"Culture - Aurelie Vain Photographe\" \/>\n<meta property=\"og:url\" content=\"https:\/\/aurelievain.fr\/index.php\/culture-2\/\" \/>\n<meta property=\"og:site_name\" content=\"Aurelie Vain Photographe\" \/>\n<meta property=\"article:modified_time\" content=\"2024-08-25T15:05:28+00:00\" \/>\n<meta name=\"twitter:card\" content=\"summary_large_image\" \/>\n<meta name=\"twitter:description\" content=\"[dmg_masonry_gallery gallery=&quot;16282,16283,16281,16284,16252,16253,16254,16255,16257,16256,16258,16259,16288,16287,16286,16285,16275,16273,16276,16272,16274,16266,16268,16264,16267,16270,16271,16278,16279,16280,16269,16265,16263,16262,16261,16260,16293,16294,16296,16297,16814,17056&quot; gutter=&quot;4&quot; modal_background_color=&quot;#FFFFFF&quot; modal_title=&quot;title_caption&quot; _builder_version=&quot;4.24.2&quot; _module_preset=&quot;default&quot; hover_enabled=&quot;0&quot; global_colors_info=&quot;{}&quot; sticky_enabled=&quot;0&quot;][\/dmg_masonry_gallery]\" \/>\n<script type=\"application\/ld+json\" class=\"yoast-schema-graph\">{\"@context\":\"https:\/\/schema.org\",\"@graph\":[{\"@type\":\"WebPage\",\"@id\":\"https:\/\/aurelievain.fr\/index.php\/culture-2\/\",\"url\":\"https:\/\/aurelievain.fr\/index.php\/culture-2\/\",\"name\":\"Culture - Aurelie Vain Photographe\",\"isPartOf\":{\"@id\":\"https:\/\/aurelievain.fr\/#website\"},\"datePublished\":\"2024-03-18T17:39:38+00:00\",\"dateModified\":\"2024-08-25T15:05:28+00:00\",\"breadcrumb\":{\"@id\":\"https:\/\/aurelievain.fr\/index.php\/culture-2\/#breadcrumb\"},\"inLanguage\":\"en-US\",\"potentialAction\":[{\"@type\":\"ReadAction\",\"target\":[\"https:\/\/aurelievain.fr\/index.php\/culture-2\/\"]}]},{\"@type\":\"BreadcrumbList\",\"@id\":\"https:\/\/aurelievain.fr\/index.php\/culture-2\/#breadcrumb\",\"itemListElement\":[{\"@type\":\"ListItem\",\"position\":1,\"name\":\"Home\",\"item\":\"https:\/\/aurelievain.fr\/\"},{\"@type\":\"ListItem\",\"position\":2,\"name\":\"Culture\"}]},{\"@type\":\"WebSite\",\"@id\":\"https:\/\/aurelievain.fr\/#website\",\"url\":\"https:\/\/aurelievain.fr\/\",\"name\":\"Aurelie Vain Photographe\",\"description\":\"\",\"publisher\":{\"@id\":\"https:\/\/aurelievain.fr\/#organization\"},\"potentialAction\":[{\"@type\":\"SearchAction\",\"target\":{\"@type\":\"EntryPoint\",\"urlTemplate\":\"https:\/\/aurelievain.fr\/?s={search_term_string}\"},\"query-input\":{\"@type\":\"PropertyValueSpecification\",\"valueRequired\":true,\"valueName\":\"search_term_string\"}}],\"inLanguage\":\"en-US\"},{\"@type\":\"Organization\",\"@id\":\"https:\/\/aurelievain.fr\/#organization\",\"name\":\"Aurelie Vain Photographe\",\"url\":\"https:\/\/aurelievain.fr\/\",\"logo\":{\"@type\":\"ImageObject\",\"inLanguage\":\"en-US\",\"@id\":\"https:\/\/aurelievain.fr\/#\/schema\/logo\/image\/\",\"url\":\"https:\/\/aurelievain.fr\/wp-content\/uploads\/2024\/03\/cropped-cropped-cropped-signature-noire.png\",\"contentUrl\":\"https:\/\/aurelievain.fr\/wp-content\/uploads\/2024\/03\/cropped-cropped-cropped-signature-noire.png\",\"width\":423,\"height\":353,\"caption\":\"Aurelie Vain Photographe\"},\"image\":{\"@id\":\"https:\/\/aurelievain.fr\/#\/schema\/logo\/image\/\"}}]}<\/script>\n<!-- \/ Yoast SEO plugin. -->","yoast_head_json":{"title":"Culture - Aurelie Vain Photographe","robots":{"index":"index","follow":"follow","max-snippet":"max-snippet:-1","max-image-preview":"max-image-preview:large","max-video-preview":"max-video-preview:-1"},"canonical":"https:\/\/aurelievain.fr\/index.php\/culture-2\/","og_locale":"en_US","og_type":"article","og_title":"Culture - Aurelie Vain Photographe","og_url":"https:\/\/aurelievain.fr\/index.php\/culture-2\/","og_site_name":"Aurelie Vain Photographe","article_modified_time":"2024-08-25T15:05:28+00:00","twitter_card":"summary_large_image","twitter_description":"[dmg_masonry_gallery gallery=\"16282,16283,16281,16284,16252,16253,16254,16255,16257,16256,16258,16259,16288,16287,16286,16285,16275,16273,16276,16272,16274,16266,16268,16264,16267,16270,16271,16278,16279,16280,16269,16265,16263,16262,16261,16260,16293,16294,16296,16297,16814,17056\" gutter=\"4\" modal_background_color=\"#FFFFFF\" modal_title=\"title_caption\" _builder_version=\"4.24.2\" _module_preset=\"default\" hover_enabled=\"0\" global_colors_info=\"{}\" sticky_enabled=\"0\"][\/dmg_masonry_gallery]","schema":{"@context":"https:\/\/schema.org","@graph":[{"@type":"WebPage","@id":"https:\/\/aurelievain.fr\/index.php\/culture-2\/","url":"https:\/\/aurelievain.fr\/index.php\/culture-2\/","name":"Culture - Aurelie Vain Photographe","isPartOf":{"@id":"https:\/\/aurelievain.fr\/#website"},"datePublished":"2024-03-18T17:39:38+00:00","dateModified":"2024-08-25T15:05:28+00:00","breadcrumb":{"@id":"https:\/\/aurelievain.fr\/index.php\/culture-2\/#breadcrumb"},"inLanguage":"en-US","potentialAction":[{"@type":"ReadAction","target":["https:\/\/aurelievain.fr\/index.php\/culture-2\/"]}]},{"@type":"BreadcrumbList","@id":"https:\/\/aurelievain.fr\/index.php\/culture-2\/#breadcrumb","itemListElement":[{"@type":"ListItem","position":1,"name":"Home","item":"https:\/\/aurelievain.fr\/"},{"@type":"ListItem","position":2,"name":"Culture"}]},{"@type":"WebSite","@id":"https:\/\/aurelievain.fr\/#website","url":"https:\/\/aurelievain.fr\/","name":"Aurelie Vain Photographe","description":"","publisher":{"@id":"https:\/\/aurelievain.fr\/#organization"},"potentialAction":[{"@type":"SearchAction","target":{"@type":"EntryPoint","urlTemplate":"https:\/\/aurelievain.fr\/?s={search_term_string}"},"query-input":{"@type":"PropertyValueSpecification","valueRequired":true,"valueName":"search_term_string"}}],"inLanguage":"en-US"},{"@type":"Organization","@id":"https:\/\/aurelievain.fr\/#organization","name":"Aurelie Vain Photographe","url":"https:\/\/aurelievain.fr\/","logo":{"@type":"ImageObject","inLanguage":"en-US","@id":"https:\/\/aurelievain.fr\/#\/schema\/logo\/image\/","url":"https:\/\/aurelievain.fr\/wp-content\/uploads\/2024\/03\/cropped-cropped-cropped-signature-noire.png","contentUrl":"https:\/\/aurelievain.fr\/wp-content\/uploads\/2024\/03\/cropped-cropped-cropped-signature-noire.png","width":423,"height":353,"caption":"Aurelie Vain Photographe"},"image":{"@id":"https:\/\/aurelievain.fr\/#\/schema\/logo\/image\/"}}]}},"_links":{"self":[{"href":"https:\/\/aurelievain.fr\/index.php\/wp-json\/wp\/v2\/pages\/73","targetHints":{"allow":["GET"]}}],"collection":[{"href":"https:\/\/aurelievain.fr\/index.php\/wp-json\/wp\/v2\/pages"}],"about":[{"href":"https:\/\/aurelievain.fr\/index.php\/wp-json\/wp\/v2\/types\/page"}],"author":[{"embeddable":true,"href":"https:\/\/aurelievain.fr\/index.php\/wp-json\/wp\/v2\/users\/1"}],"replies":[{"embeddable":true,"href":"https:\/\/aurelievain.fr\/index.php\/wp-json\/wp\/v2\/comments?post=73"}],"version-history":[{"count":9,"href":"https:\/\/aurelievain.fr\/index.php\/wp-json\/wp\/v2\/pages\/73\/revisions"}],"predecessor-version":[{"id":17059,"href":"https:\/\/aurelievain.fr\/index.php\/wp-json\/wp\/v2\/pages\/73\/revisions\/17059"}],"wp:attachment":[{"href":"https:\/\/aurelievain.fr\/index.php\/wp-json\/wp\/v2\/media?parent=73"}],"curies":[{"name":"wp","href":"https:\/\/api.w.org\/{rel}","templated":true}]}}